{"id":3341,"date":"2021-05-19T02:44:56","date_gmt":"2021-05-19T00:44:56","guid":{"rendered":"https:\/\/chartreux.org\/moines\/?page_id=3341"},"modified":"2021-12-01T11:00:31","modified_gmt":"2021-12-01T10:00:31","slug":"a-jornada-do-cartuxo","status":"publish","type":"page","link":"https:\/\/chartreux.org\/moines\/pt\/a-jornada-do-cartuxo\/","title":{"rendered":"O dia"},"content":{"rendered":"\n<div class=\"wp-block-columns is-layout-flex wp-container-core-columns-is-layout-9d6595d7 wp-block-columns-is-layout-flex\">\n<div class=\"wp-block-column is-layout-flow wp-block-column-is-layout-flow\">\n<p><\/p>\n<div id=\"toc_container\">\n<ul class=\"toc_list\">\n  <li><a href=\"#1\">1. A noite: o grande of\u00edcio noturno<\/a><\/li>\n  <li><a href=\"#2\">2. A manh\u00e3: santa Missa, lectio divina, estudo<\/a><\/li>\n  <li><a href=\"#3\">3. Meio-dia e tarde: refei\u00e7\u00e3o, recrea\u00e7\u00e3o, trabalho manual<\/a><\/li>\n  <li><a href=\"#4\">4. O fim do dia<\/a><\/li>\n<\/ul>\n<\/div>\n<\/div>\n\n\n\n<div class=\"wp-block-column is-layout-flow wp-block-column-is-layout-flow\">\n<p><em>\u00ab\u00a0Marta, Marta, andas muito inquieta e te preocupas com muitas coisas; no entanto, uma s\u00f3 coisa \u00e9 necess\u00e1ria; Maria escolheu a boa parte, que lhe n\u00e3o ser\u00e1 tirada.\u00a0\u00bb<\/em><br>(Lucas 10, 41-42)<\/p>\n<\/div>\n<\/div>\n\n\n\n<p>Explicamos aqui o hor\u00e1rio de um dia normal para um monge de clausura durante a semana e assinalamos algumas particularidades do dia dos irm\u00e3os leigos. Este \u00e9 um hor\u00e1rio t\u00edpico, cuja estrutura \u00e9 id\u00eantica em todo o lado, mas que pode ser ligeiramente adaptado de acordo com a casa. <\/p>\n\n\n\n<p>Matinas, Laudes, Prima, T\u00e9rcia, Sexta, Nona, V\u00e9speras e Completas s\u00e3o os nomes dos of\u00edcios lit\u00fargicos que pontuam o dia. Alguns s\u00e3o cantados em comum na igreja, outros s\u00e3o recitados em solid\u00e3o no orat\u00f3rio da cela. De acordo com uma tradi\u00e7\u00e3o cartusiana muito antiga, cada hora lit\u00fargica do dia \u00e9 precedida ou seguida pelo of\u00edcio da Sant\u00edssima Virgem.<\/p>\n\n\n\n<hr class=\"wp-block-separator is-style-default\"\/>\n\n\n\n<div style=\"height:40px\" aria-hidden=\"true\" class=\"wp-block-spacer\"><\/div>\n\n\n\n<h3 class=\"wp-block-heading\" id=\"1\">1. A noite: o grande of\u00edcio noturno<\/h3>\n\n\n\n<p><strong>23h30: Levantar. Matinas da Virgem Maria. Ora\u00e7\u00e3o pessoal na cela. Os irm\u00e3os levantam-se \u00e0 meia-noite.<\/strong><br><strong>00h15: Na igreja, of\u00edcio de Matinas seguido de Laudes. Angelus. <\/strong><br><strong>Entre as 2h15 e as 3h15 da manh\u00e3: regresso \u00e0 cela e deitar-se depois das Laudes da Sant\u00edssima Virgem.<\/strong><\/p>\n\n\n\n<div class=\"wp-block-columns is-layout-flex wp-container-core-columns-is-layout-9d6595d7 wp-block-columns-is-layout-flex\">\n<div class=\"wp-block-column is-layout-flow wp-block-column-is-layout-flow\">\n<figure class=\"wp-block-image size-large\"><img decoding=\"async\" width=\"1024\" height=\"752\" src=\"https:\/\/chartreux.org\/moines\/wp-content\/uploads\/2021\/01\/Off-nuit-02-2-1024x752.jpg\" alt=\"\" class=\"wp-image-1440\" srcset=\"https:\/\/chartreux.org\/moines\/wp-content\/uploads\/2021\/01\/Off-nuit-02-2-1024x752.jpg 1024w, https:\/\/chartreux.org\/moines\/wp-content\/uploads\/2021\/01\/Off-nuit-02-2-300x220.jpg 300w, https:\/\/chartreux.org\/moines\/wp-content\/uploads\/2021\/01\/Off-nuit-02-2-768x564.jpg 768w, https:\/\/chartreux.org\/moines\/wp-content\/uploads\/2021\/01\/Off-nuit-02-2.jpg 1470w\" sizes=\"(max-width: 1024px) 100vw, 1024px\" \/><\/figure>\n<\/div>\n\n\n\n<div class=\"wp-block-column is-layout-flow wp-block-column-is-layout-flow\">\n<figure class=\"wp-block-image size-large\"><img decoding=\"async\" width=\"1024\" height=\"749\" src=\"https:\/\/chartreux.org\/moines\/wp-content\/uploads\/2021\/01\/Off-nuit-01-2-1024x749.jpg\" alt=\"\" class=\"wp-image-1441\" srcset=\"https:\/\/chartreux.org\/moines\/wp-content\/uploads\/2021\/01\/Off-nuit-01-2-1024x749.jpg 1024w, https:\/\/chartreux.org\/moines\/wp-content\/uploads\/2021\/01\/Off-nuit-01-2-300x219.jpg 300w, https:\/\/chartreux.org\/moines\/wp-content\/uploads\/2021\/01\/Off-nuit-01-2-768x562.jpg 768w, https:\/\/chartreux.org\/moines\/wp-content\/uploads\/2021\/01\/Off-nuit-01-2.jpg 1300w\" sizes=\"(max-width: 1024px) 100vw, 1024px\" \/><\/figure>\n<\/div>\n<\/div>\n\n\n\n<p><\/p>\n\n\n\n<p>A meio da noite, seja qual for a esta\u00e7\u00e3o do ano, todos os dias, sem exce\u00e7\u00e3o, os monges cartuxos est\u00e3o na igreja onde toda a comunidade se re\u00fane para o longo of\u00edcio de <strong>Matinas<\/strong> e <strong>Laudes<\/strong>. Os cartuxos rezam enquanto o mundo dorme. \u00c0 noite, como um vigia, o cartuxo levanta-se, perante Deus, para O louvar, para ouvir a Sua Palavra, para assumir os sofrimentos e as preocupa\u00e7\u00f5es do mundo. Este of\u00edcio, mais ou menos extenso dependendo do dia, representa um dos momentos mais ricos da jornada do cartuxo.<\/p>\n\n\n\n<p>Em Matinas, a recita\u00e7\u00e3o cantada dos Salmos \u00e9 intercalada com leituras b\u00edblicas e patr\u00edsticas, tempos de sil\u00eancio e ora\u00e7\u00f5es de intercess\u00e3o. Pode ser em latim ou na l\u00edngua do pa\u00eds onde se encontra o mosteiro. Laudes \u00e9 um of\u00edcio de louvor e de a\u00e7\u00e3o de gra\u00e7as pelo dia que se aproxima.<\/p>\n\n\n\n<div class=\"wp-block-image\"><figure class=\"aligncenter size-full\"><img decoding=\"async\" width=\"525\" height=\"525\" src=\"https:\/\/chartreux.org\/moines\/wp-content\/uploads\/2021\/12\/OffNuitCarre.jpg\" alt=\"\" class=\"wp-image-5728\" srcset=\"https:\/\/chartreux.org\/moines\/wp-content\/uploads\/2021\/12\/OffNuitCarre.jpg 525w, https:\/\/chartreux.org\/moines\/wp-content\/uploads\/2021\/12\/OffNuitCarre-300x300.jpg 300w, https:\/\/chartreux.org\/moines\/wp-content\/uploads\/2021\/12\/OffNuitCarre-150x150.jpg 150w\" sizes=\"(max-width: 525px) 100vw, 525px\" \/><\/figure><\/div>\n\n\n\n<p>Quatro vezes por dia, a ora\u00e7\u00e3o do <strong>Angelus <\/strong>(na cartuxa composta por apenas tr\u00eas Ave Maria) venera o mist\u00e9rio da Encarna\u00e7\u00e3o do Filho de Deus. Recorda a visita do anjo Gabriel \u00e0 Virgem Maria onde ela aceita tornar-se a M\u00e3e de Cristo pronunciando este \u00ab\u00a0sim\u00a0\u00bb que compromete a humanidade e toda a cria\u00e7\u00e3o para a Reden\u00e7\u00e3o.<\/p>\n\n\n\n<p>De volta \u00e0 sua cela, o cartuxo regressaria ao seu orat\u00f3rio para uma \u00faltima ora\u00e7\u00e3o antes de descansar: as Laudes da Sant\u00edssima Virgem. Seja em tempos normais ou em dias de festa, este curto of\u00edcio tece ao longo do dia do monge cartuxo como um fio que o amarra \u00e0 ora\u00e7\u00e3o da M\u00e3e de Cristo, que \u00e9 tamb\u00e9m a sua pr\u00f3pria ora\u00e7\u00e3o. <\/p>\n\n\n\n<p>Os irm\u00e3os, se n\u00e3o ficam em Laudes, fazem na cela, prostrados, o que chamamos a \u00ab\u00a0ora\u00e7\u00e3o materna\u00a0\u00bb: uma ora\u00e7\u00e3o na sua l\u00edngua materna, espont\u00e2nea e confiante e que abrange todas as grandes inten\u00e7\u00f5es da Igreja e do mundo.<\/p>\n\n\n\n<hr class=\"wp-block-separator is-style-default\"\/>\n\n\n\n<div style=\"height:40px\" aria-hidden=\"true\" class=\"wp-block-spacer\"><\/div>\n\n\n\n<h3 class=\"wp-block-heading\" id=\"2\">2. A manh\u00e3: Santa Missa, <em>lectio divina<\/em>, estudo<\/h3>\n\n\n\n<p><strong>6h30 ou 6h45: Levantar.<\/strong><br><strong>7h00: Of\u00edcio de Prima, seguido do Angelus. Ora\u00e7\u00e3o ou leituras em prepara\u00e7\u00e3o para a Missa.<\/strong><br><strong>8h00: Missa conventual na igreja. Depois, para os padres, a celebra\u00e7\u00e3o da Missa em solid\u00e3o, numa capela. Para os irm\u00e3os, a ora\u00e7\u00e3o e depois o in\u00edcio do trabalho.<\/strong><br><strong>10h00: Of\u00edcio de T\u00e9rcia, na cela. Depois <em>&lsquo;lectio divina&rsquo;<\/em>, estudo.<\/strong><\/p>\n\n\n\n<div class=\"wp-block-columns is-layout-flex wp-container-core-columns-is-layout-9d6595d7 wp-block-columns-is-layout-flex\">\n<div class=\"wp-block-column is-layout-flow wp-block-column-is-layout-flow\">\n<figure class=\"wp-block-image size-large\"><img decoding=\"async\" width=\"1024\" height=\"768\" src=\"https:\/\/chartreux.org\/moines\/wp-content\/uploads\/2021\/01\/PL-messe-1024x768.jpg\" alt=\"\" class=\"wp-image-1471\" srcset=\"https:\/\/chartreux.org\/moines\/wp-content\/uploads\/2021\/01\/PL-messe-1024x768.jpg 1024w, https:\/\/chartreux.org\/moines\/wp-content\/uploads\/2021\/01\/PL-messe-300x225.jpg 300w, https:\/\/chartreux.org\/moines\/wp-content\/uploads\/2021\/01\/PL-messe-768x576.jpg 768w, https:\/\/chartreux.org\/moines\/wp-content\/uploads\/2021\/01\/PL-messe.jpg 1300w\" sizes=\"(max-width: 1024px) 100vw, 1024px\" \/><\/figure>\n<\/div>\n\n\n\n<div class=\"wp-block-column is-layout-flow wp-block-column-is-layout-flow\">\n<figure class=\"wp-block-image size-large\"><img decoding=\"async\" width=\"1024\" height=\"768\" src=\"https:\/\/chartreux.org\/moines\/wp-content\/uploads\/2021\/01\/DMJstudy044F-1024x768.jpg\" alt=\"\" class=\"wp-image-1472\" srcset=\"https:\/\/chartreux.org\/moines\/wp-content\/uploads\/2021\/01\/DMJstudy044F-1024x768.jpg 1024w, https:\/\/chartreux.org\/moines\/wp-content\/uploads\/2021\/01\/DMJstudy044F-300x225.jpg 300w, https:\/\/chartreux.org\/moines\/wp-content\/uploads\/2021\/01\/DMJstudy044F-768x576.jpg 768w, https:\/\/chartreux.org\/moines\/wp-content\/uploads\/2021\/01\/DMJstudy044F.jpg 1216w\" sizes=\"(max-width: 1024px) 100vw, 1024px\" \/><\/figure>\n<\/div>\n<\/div>\n\n\n\n<p><a href=\"#toc_container\" class=\"returnToTop\"> Voltar ao topo! \u2191 <\/a><\/p>\n\n\n\n<p>Descansado do longo of\u00edcio da noite, o cartuxo levanta-se por volta das 6h30 para estar pronto para o Of\u00edcio de Prima, seguido pelo Angelus. Ele n\u00e3o toma o pequeno-almo\u00e7o.<\/p>\n\n\n\n<p>A missa conventual re\u00fane a comunidade uma segunda vez na igreja. \u00c9 sempre cantada, de acordo com a tradi\u00e7\u00e3o gregoriana cartusiana. \u00ab\u00a0Eucaristia\u00a0\u00bb \u00e9 uma palavra de origem grega que significa \u00ab\u00a0a\u00e7\u00e3o de gra\u00e7as\u00a0\u00bb. Designa aquela a\u00e7\u00e3o lit\u00fargica que re\u00fane os fi\u00e9is para celebrar o mist\u00e9rio da nossa Reden\u00e7\u00e3o, o memorial da oferta perfeita do Filho de Deus ao seu Pai na Cruz, que revivemos com ele; a atualiza\u00e7\u00e3o do seu santo sacrif\u00edcio, das suas palavras e gestos sobre o p\u00e3o e o vinho: \u00ab\u00a0Este \u00e9 o meu Corpo&#8230; este \u00e9 o meu Sangue, entregue por v\u00f3s\u00a0\u00bb. Aquele que se d\u00e1 a si pr\u00f3prio como alimento espiritual para sustentar a caminhada dos seus disc\u00edpulos.<\/p>\n\n\n\n<p>A Eucaristia \u00e9 a fonte da vida espiritual e o cume de toda a vida da Igreja. Cristo, o pr\u00f3prio Filho de Deus, faz-se presente entre n\u00f3s. Ele vem para nos trazer a sua gra\u00e7a e a sua for\u00e7a, para nos levar com ele e para nos associar \u00e0 oferta de amor e louvor que ele faz ao seu Pai. Neste impulso em dire\u00e7\u00e3o ao Pai, vimos com tudo o que temos e somos, trazemos todos os momentos da nossa vida consagrada a Deus. Esta oferta comum, de Cristo e dos Seus, reflete-se ent\u00e3o em gra\u00e7a sobre toda a humanidade.<\/p>\n\n\n\n<p>Porque a a\u00e7\u00e3o de Cristo \u00e9 continuamente realizada na Eucaristia, o sacerdote, quando celebra a Missa, cumpre a sua principal raz\u00e3o de ser. \u00c9 por isso que, antes ou depois da Missa conventual, cada padre monge celebra uma Missa recitada em solid\u00e3o, num rito ainda mais s\u00f3brio. \u00c9 um momento de grande intimidade com Cristo. Nesta celebra\u00e7\u00e3o, o cartuxo compreende, mais do que em qualquer outro lugar, que a sua solid\u00e3o n\u00e3o o coloca fora do mundo, mas no pr\u00f3prio cora\u00e7\u00e3o do projeto divino.<\/p>\n\n\n\n<p>A Lectio divina \u00e9 a leitura meditativa e orante da B\u00edblia. A tradi\u00e7\u00e3o mon\u00e1stica exige que ao menos meia hora seja reservada para ela todos os dias. Normalmente, o resto da manh\u00e3 \u00e9 dedicado aos estudos sagrados ou \u00e0 leitura espiritual. Os of\u00edcios de T\u00e9rcia, Sexta e Nona, chamados \u00a0\u00bb Horas Menores \u00ab\u00a0, pontuam o dia do monge e trazem-no de volta \u00e0 ora\u00e7\u00e3o cerca de duas em duas horas.<\/p>\n\n\n\n<h3 class=\"wp-block-heading\" id=\"3\">3. Meio-dia e tarde: refei\u00e7\u00e3o, recrea\u00e7\u00e3o, trabalho manual<\/h3>\n\n\n\n<p><strong>12h00: Angelus. Of\u00edcio de Sexta. Refei\u00e7\u00e3o.<\/strong><br><strong>Ap\u00f3s a refei\u00e7\u00e3o h\u00e1 um tempo chamado \u00ab\u00a0recrea\u00e7\u00e3o\u00a0\u00bb, que pode ser utilizado livremente.<\/strong><br><strong>14h00: Of\u00edcio de Nona. Para os padres, segue-se normalmente um tempo de trabalho manual na cela. Os irm\u00e3os leigos regressam ao seu trabalho nas obedi\u00eancias.<\/strong><\/p>\n\n\n\n<div class=\"wp-block-columns is-layout-flex wp-container-core-columns-is-layout-9d6595d7 wp-block-columns-is-layout-flex\">\n<div class=\"wp-block-column is-layout-flow wp-block-column-is-layout-flow\">\n<figure class=\"wp-block-image size-large\"><img decoding=\"async\" width=\"940\" height=\"704\" src=\"https:\/\/chartreux.org\/moines\/wp-content\/uploads\/2021\/03\/0X4A7074b.jpg\" alt=\"\" class=\"wp-image-1833\" srcset=\"https:\/\/chartreux.org\/moines\/wp-content\/uploads\/2021\/03\/0X4A7074b.jpg 940w, https:\/\/chartreux.org\/moines\/wp-content\/uploads\/2021\/03\/0X4A7074b-300x225.jpg 300w, https:\/\/chartreux.org\/moines\/wp-content\/uploads\/2021\/03\/0X4A7074b-768x575.jpg 768w\" sizes=\"(max-width: 940px) 100vw, 940px\" \/><figcaption> <\/figcaption><\/figure>\n<\/div>\n\n\n\n<div class=\"wp-block-column is-layout-flow wp-block-column-is-layout-flow\">\n<figure class=\"wp-block-image size-large\"><img decoding=\"async\" width=\"1024\" height=\"769\" src=\"https:\/\/chartreux.org\/moines\/wp-content\/uploads\/2021\/01\/S1010076-1024x769.jpg\" alt=\"\" class=\"wp-image-1475\" srcset=\"https:\/\/chartreux.org\/moines\/wp-content\/uploads\/2021\/01\/S1010076-1024x769.jpg 1024w, https:\/\/chartreux.org\/moines\/wp-content\/uploads\/2021\/01\/S1010076-300x225.jpg 300w, https:\/\/chartreux.org\/moines\/wp-content\/uploads\/2021\/01\/S1010076-768x577.jpg 768w, https:\/\/chartreux.org\/moines\/wp-content\/uploads\/2021\/01\/S1010076.jpg 1300w\" sizes=\"(max-width: 1024px) 100vw, 1024px\" \/><\/figure>\n<\/div>\n<\/div>\n\n\n\n<p>Ao meio-dia um irm\u00e3o p\u00f5e a refei\u00e7\u00e3o di\u00e1ria do monge no seu postigo. O monge cartuxo come sozinho depois de ter recitado o of\u00edcio de Sexta. Com exce\u00e7\u00e3o da carne, da qual se abst\u00e9m toda a vida por esp\u00edrito de sacrif\u00edcio, legumes, cereais, peixe, ovos, queijos, fruta, tudo \u00e9 previsto para que uma refei\u00e7\u00e3o principal satisfa\u00e7a \u00e0s necessidades nutricionais do dia.<\/p>\n\n\n\n<p>Uma vez por semana, geralmente \u00e0s sextas-feiras, ele faz \u00ab\u00a0abstin\u00eancia\u00a0\u00bb, ou seja, ele contenta-se com p\u00e3o e \u00e1gua.<\/p>\n\n\n\n<p>A hora ap\u00f3s a refei\u00e7\u00e3o, at\u00e9 \u00e0s 14h00 horas, n\u00e3o tem destino definido. Fa\u00e7a ele o que fizer &#8211; manuten\u00e7\u00e3o, jardinagem, descanso &#8211; o cartuxo realiza-o no \u00ab\u00a0cuidado do cora\u00e7\u00e3o\u00a0\u00bb, sempre atento a fixar o seu olhar naquele que habita dentro dele&#8230;<\/p>\n\n\n\n<p>O equil\u00edbrio entre o estudo e o trabalho manual \u00e9 pr\u00f3prio de cada um, de acordo com o Prior (ou o mestre dos novi\u00e7os). As v\u00e1rias atividades devem ser ajustadas para assegurar que cada uma tenha o melhor equil\u00edbrio humano durante toda a sua vida. A longevidade dos cartuxos \u00e9 proverbial.<\/p>\n\n\n\n<div class=\"wp-block-columns is-layout-flex wp-container-core-columns-is-layout-9d6595d7 wp-block-columns-is-layout-flex\">\n<div class=\"wp-block-column is-layout-flow wp-block-column-is-layout-flow\">\n<figure class=\"wp-block-image size-large\"><img decoding=\"async\" width=\"1024\" height=\"766\" src=\"https:\/\/chartreux.org\/moines\/wp-content\/uploads\/2021\/01\/HH-en-obediencias-040-1024x766.jpg\" alt=\"\" class=\"wp-image-1477\" srcset=\"https:\/\/chartreux.org\/moines\/wp-content\/uploads\/2021\/01\/HH-en-obediencias-040-1024x766.jpg 1024w, https:\/\/chartreux.org\/moines\/wp-content\/uploads\/2021\/01\/HH-en-obediencias-040-300x225.jpg 300w, https:\/\/chartreux.org\/moines\/wp-content\/uploads\/2021\/01\/HH-en-obediencias-040-768x575.jpg 768w, https:\/\/chartreux.org\/moines\/wp-content\/uploads\/2021\/01\/HH-en-obediencias-040.jpg 1300w\" sizes=\"(max-width: 1024px) 100vw, 1024px\" \/><figcaption> <\/figcaption><\/figure>\n<\/div>\n\n\n\n<div class=\"wp-block-column is-layout-flow wp-block-column-is-layout-flow\">\n<figure class=\"wp-block-image size-large\"><img decoding=\"async\" width=\"1024\" height=\"768\" src=\"https:\/\/chartreux.org\/moines\/wp-content\/uploads\/2021\/01\/2-4-agosto-2006-004-1024x768.jpg\" alt=\"\" class=\"wp-image-1476\" srcset=\"https:\/\/chartreux.org\/moines\/wp-content\/uploads\/2021\/01\/2-4-agosto-2006-004-1024x768.jpg 1024w, https:\/\/chartreux.org\/moines\/wp-content\/uploads\/2021\/01\/2-4-agosto-2006-004-300x225.jpg 300w, https:\/\/chartreux.org\/moines\/wp-content\/uploads\/2021\/01\/2-4-agosto-2006-004-768x576.jpg 768w, https:\/\/chartreux.org\/moines\/wp-content\/uploads\/2021\/01\/2-4-agosto-2006-004-1536x1152.jpg 1536w, https:\/\/chartreux.org\/moines\/wp-content\/uploads\/2021\/01\/2-4-agosto-2006-004.jpg 2048w\" sizes=\"(max-width: 1024px) 100vw, 1024px\" \/><\/figure>\n<\/div>\n<\/div>\n\n\n\n<p>No Ver\u00e3o, o trabalho manual consiste principalmente na jardinagem (o monge pode cultivar flores ou legumes) mas tamb\u00e9m h\u00e1 encaderna\u00e7\u00e3o, torneamento de madeira, e outras atividades de acordo com as aptid\u00f5es de cada um. No Inverno, dependendo da casa, \u00e9 principalmente \u00ab\u00a0cortar lenha\u00a0\u00bb que mant\u00e9m o monge ocupado: cortar lenha para aquecer o fog\u00e3o \u00e9 vital no clima rigoroso das montanhas. Mas o trabalho pode tamb\u00e9m consistir em ajudar um confrade doente ou a comunidade, por exemplo, ajudando na costura, trabalho de secretariado ou qualquer outra tarefa ditada pelas necessidades da comunidade.<\/p>\n\n\n\n<div class=\"wp-block-image\"><figure class=\"aligncenter size-large is-resized\"><img decoding=\"async\" src=\"https:\/\/chartreux.org\/moines\/wp-content\/uploads\/2021\/03\/con-lena.jpg\" alt=\"\" class=\"wp-image-1835\" width=\"369\" height=\"492\" srcset=\"https:\/\/chartreux.org\/moines\/wp-content\/uploads\/2021\/03\/con-lena.jpg 705w, https:\/\/chartreux.org\/moines\/wp-content\/uploads\/2021\/03\/con-lena-225x300.jpg 225w\" sizes=\"(max-width: 369px) 100vw, 369px\" \/><\/figure><\/div>\n\n\n\n<h3 class=\"wp-block-heading\" id=\"4\">4. O fim do dia<\/h3>\n\n\n\n<p><strong>16h00 toca o fim das atividades. V\u00e9speras da Virgem Maria na cela.<\/strong><br><strong>16h15: V\u00e9speras na igreja seguidas do regresso \u00e0 cela.<\/strong><br><strong>17h00: Leitura espiritual.<\/strong> <strong>Ora\u00e7\u00e3o pessoal<\/strong>.<br><strong>Entre as 18h00 e as 18h30: Cola\u00e7\u00e3o.<\/strong><br><strong>18h45: Angelus e Of\u00edcio de Completas.<\/strong><br>E<strong>ntre as 19h30 e as 20h00 horas: Deitar-se.<\/strong><\/p>\n\n\n\n<div class=\"wp-block-columns is-layout-flex wp-container-core-columns-is-layout-9d6595d7 wp-block-columns-is-layout-flex\">\n<div class=\"wp-block-column is-layout-flow wp-block-column-is-layout-flow\">\n<figure class=\"wp-block-image size-large\"><img decoding=\"async\" width=\"940\" height=\"705\" src=\"https:\/\/chartreux.org\/moines\/wp-content\/uploads\/2021\/03\/SerraVespri01.jpg\" alt=\"\" class=\"wp-image-1824\" srcset=\"https:\/\/chartreux.org\/moines\/wp-content\/uploads\/2021\/03\/SerraVespri01.jpg 940w, https:\/\/chartreux.org\/moines\/wp-content\/uploads\/2021\/03\/SerraVespri01-300x225.jpg 300w, https:\/\/chartreux.org\/moines\/wp-content\/uploads\/2021\/03\/SerraVespri01-768x576.jpg 768w\" sizes=\"(max-width: 940px) 100vw, 940px\" \/><\/figure>\n<\/div>\n\n\n\n<div class=\"wp-block-column is-layout-flow wp-block-column-is-layout-flow\">\n<figure class=\"wp-block-image size-large\"><img decoding=\"async\" width=\"940\" height=\"705\" src=\"https:\/\/chartreux.org\/moines\/wp-content\/uploads\/2021\/03\/SerraComplies.jpg\" alt=\"\" class=\"wp-image-1826\" srcset=\"https:\/\/chartreux.org\/moines\/wp-content\/uploads\/2021\/03\/SerraComplies.jpg 940w, https:\/\/chartreux.org\/moines\/wp-content\/uploads\/2021\/03\/SerraComplies-300x225.jpg 300w, https:\/\/chartreux.org\/moines\/wp-content\/uploads\/2021\/03\/SerraComplies-768x576.jpg 768w\" sizes=\"(max-width: 940px) 100vw, 940px\" \/><\/figure>\n<\/div>\n<\/div>\n\n\n\n<p>O of\u00edcio das V\u00e9speras (uma palavra derivada do grego \u00ab\u00a0h\u00e9speros\u00a0\u00bb que significa \u00ab\u00a0p\u00f4r-do-sol\u00a0\u00bb) encerra a tarde. \u00c9 a hora em que as atividades terminam em gratid\u00e3o, a hora do regresso \u00e0 calma. Este servi\u00e7o suscita a a\u00e7\u00e3o de gra\u00e7as da fraternidade mon\u00e1stica que se alegra com a presen\u00e7a do seu Senhor e aguarda o seu regresso definitivo.<\/p>\n\n\n\n<p>Ao regressar das <strong>V\u00e9speras<\/strong> e antes do Of\u00edcio de <strong>Completas<\/strong>, o cartuxo toma uma cola\u00e7\u00e3o ou refei\u00e7\u00e3o ligeira. Durante o grande jejum, a que chamamos \u00ab\u00a0jejum da Ordem\u00a0\u00bb (que se estende desde o 14 de Setembro, festa da Exalta\u00e7\u00e3o da Santa Cruz, at\u00e9 \u00e0 P\u00e1scoa) esta cola\u00e7\u00e3o es reduz a p\u00e3o com uma bebida, exceto aos domingos e solenidades. As sextas-feiras que n\u00e3o sejam solenidade, a p\u00e3o e \u00e1gua. <\/p>\n\n\n\n<p>Voltando ao seu orat\u00f3rio antes de ir para a cama, os cartuxos coroam o seu dia com a \u00faltima ora\u00e7\u00e3o do dia, <strong>Completas<\/strong> (do latim \u00ab\u00a0complere\u00a0\u00bb, completar). Uma \u00faltima vez apresenta a Deus o seu louvor e as preocupa\u00e7\u00f5es de todo o mundo, e implora a sua prote\u00e7\u00e3o para a noite. Foi um dia sereno mas intenso, agora pode descansar.<\/p>\n\n\n\n<hr class=\"wp-block-separator is-style-default\"\/>\n\n\n\n<div style=\"height:40px\" aria-hidden=\"true\" class=\"wp-block-spacer\"><\/div>\n\n\n\n<p>Para al\u00e9m dos tempos estabelecidos pela ora\u00e7\u00e3o lit\u00fargica das Horas, o cartuxo \u00e9 convidado a dedicar momentos de ora\u00e7\u00e3o pessoal durante o dia, para aprofundar a sua rela\u00e7\u00e3o pessoal com Jesus Cristo, a fim de alcan\u00e7ar, na medida do poss\u00edvel, a ora\u00e7\u00e3o cont\u00ednua.<\/p>\n\n\n\n<div class=\"wp-block-image\"><figure class=\"aligncenter size-large\"><img decoding=\"async\" width=\"940\" height=\"365\" src=\"https:\/\/chartreux.org\/moines\/wp-content\/uploads\/2021\/03\/The04.jpg\" alt=\"\" class=\"wp-image-1821\" srcset=\"https:\/\/chartreux.org\/moines\/wp-content\/uploads\/2021\/03\/The04.jpg 940w, https:\/\/chartreux.org\/moines\/wp-content\/uploads\/2021\/03\/The04-300x116.jpg 300w, https:\/\/chartreux.org\/moines\/wp-content\/uploads\/2021\/03\/The04-768x298.jpg 768w\" sizes=\"(max-width: 940px) 100vw, 940px\" \/><figcaption> <\/figcaption><\/figure><\/div>\n\n\n\n<p><a href=\"#toc_container\" class=\"returnToTop\"> Voltar ao topo! \u2191 <\/a><\/p>\n","protected":false},"excerpt":{"rendered":"<p>1. A noite: o grande of\u00edcio noturno 2. A manh\u00e3: santa Missa, lectio divina, estudo 3. [&hellip;]<\/p>\n","protected":false},"author":1,"featured_media":0,"parent":0,"menu_order":0,"comment_status":"closed","ping_status":"closed","template":"template-full-width.php","meta":{"footnotes":""},"class_list":["post-3341","page","type-page","status-publish","hentry"],"_links":{"self":[{"href":"https:\/\/chartreux.org\/moines\/wp-json\/wp\/v2\/pages\/3341","targetHints":{"allow":["GET"]}}],"collection":[{"href":"https:\/\/chartreux.org\/moines\/wp-json\/wp\/v2\/pages"}],"about":[{"href":"https:\/\/chartreux.org\/moines\/wp-json\/wp\/v2\/types\/page"}],"author":[{"embeddable":true,"href":"https:\/\/chartreux.org\/moines\/wp-json\/wp\/v2\/users\/1"}],"replies":[{"embeddable":true,"href":"https:\/\/chartreux.org\/moines\/wp-json\/wp\/v2\/comments?post=3341"}],"version-history":[{"count":0,"href":"https:\/\/chartreux.org\/moines\/wp-json\/wp\/v2\/pages\/3341\/revisions"}],"wp:attachment":[{"href":"https:\/\/chartreux.org\/moines\/wp-json\/wp\/v2\/media?parent=3341"}],"curies":[{"name":"wp","href":"https:\/\/api.w.org\/{rel}","templated":true}]}}